{"id":957,"date":"2022-06-14T15:29:07","date_gmt":"2022-06-14T15:29:07","guid":{"rendered":"https:\/\/almarental.media\/renta-equipo-cine-television-comerciales\/?post_type=product&#038;p=957"},"modified":"2022-06-14T15:29:07","modified_gmt":"2022-06-14T15:29:07","slug":"apple-15-4-macbook-pro-with-touch-bar","status":"publish","type":"product","link":"https:\/\/almarental.media\/renta-equipo-cine-television-comerciales\/cotiza\/computadoras\/apple-15-4-macbook-pro-with-touch-bar\/","title":{"rendered":"Apple 15.4&#8243; MacBook Pro with Touch Bar"},"content":{"rendered":"<p>Experimente la innovadora interfaz de la barra t\u00e1ctil en la MacBook Pro gris espacial Apple de 15,4&#8243; con barra t\u00e1ctil de finales de 2016.<\/p>\n<p>La barra t\u00e1ctil coloca los controles al alcance de su mano y se adapta a diferentes aplicaciones para proporcionar funciones \u00fatiles sin tener que navegar por men\u00fas complejos o memorizar atajos de teclado. Reemplazando las teclas de funci\u00f3n en la fila superior del teclado, la barra t\u00e1ctil cuenta con una pantalla de calidad Retina y admite la entrada multit\u00e1ctil.<\/p>\n<p>El bot\u00f3n de encendido se actualiz\u00f3 con un sensor Touch ID, por lo que puede iniciar sesi\u00f3n r\u00e1pidamente en su MacBook Pro con su huella digital. Tambi\u00e9n puede usar Touch ID para realizar compras en la web, gracias a Apple Pay. Touch ID permite una lectura r\u00e1pida y precisa de su huella digital y utiliza algoritmos sofisticados para reconocerla y compararla con Secure Enclave en el chip Apple T1.<\/p>\n<p>El sistema cuenta con un procesador Intel Core i7 de cuatro n\u00facleos a 2,6 GHz, 16 GB de memoria integrada LPDDR3 a 2133 MHz, un SSD basado en PCIe de 1 TB, cuatro puertos Thunderbolt 3 (USB tipo C), un trackpad Force Touch un 50 % m\u00e1s grande, un teclado con un mecanismo de mariposa de segunda generaci\u00f3n, altavoces est\u00e9reo con el doble de rango din\u00e1mico que su predecesor, as\u00ed como graves mejorados, Wi-Fi 802.11ac, tecnolog\u00eda inal\u00e1mbrica Bluetooth 4.2 e incluso un conector para auriculares de 3,5 mm. macOS Sierra es el sistema operativo instalado.<\/p>\n<p><strong>Touch Bar<\/strong><\/p>\n<p>La barra t\u00e1ctil reemplaza las teclas de funci\u00f3n que han ocupado durante mucho tiempo la parte superior de su teclado con algo mucho m\u00e1s vers\u00e1til y capaz. La pantalla multit\u00e1ctil con calidad Retina cambia autom\u00e1ticamente seg\u00fan lo que est\u00e9 haciendo, desde mostrar los controles tradicionales del sistema, como el volumen y el brillo, hasta interactuar m\u00e1s directamente con el contenido o navegar por \u00e9l. Las funciones de escritura inteligente como emoji y texto predictivo mejoran la experiencia de escritura, y podr\u00e1 personalizar la barra t\u00e1ctil para que se ajuste a sus necesidades. La barra t\u00e1ctil tambi\u00e9n se puede adaptar a aplicaciones, como Mail, Safari, Mensajes e incluso aplicaciones de terceros como Adobe Photoshop, por lo que tendr\u00e1 acceso a funciones \u00fatiles que antes estaban ocultas en los men\u00fas.<br \/>\nidentifici\u00f3n de toque<\/p>\n<p>Se ha integrado un sensor Touch ID en el bot\u00f3n de encendido, por lo que puede iniciar sesi\u00f3n r\u00e1pidamente en su cuenta, incluso cuando otro usuario haya iniciado sesi\u00f3n. Tambi\u00e9n puede usarlo con Apple Pay para comprar cosas de forma segura a trav\u00e9s de la web, gracias a macOS Sierra.<\/p>\n<p><strong>Retina Display<\/strong><\/p>\n<p>La pantalla Retina de 15,4&#8243; tiene una resoluci\u00f3n de 2880 x 1800 y cuenta con retroiluminaci\u00f3n LED m\u00e1s brillante que su predecesora, as\u00ed como una mayor relaci\u00f3n de contraste, que ofrece negros m\u00e1s profundos y blancos m\u00e1s brillantes. Su mayor apertura de p\u00edxeles y frecuencia de actualizaci\u00f3n variable hacen que sea m\u00e1s eficiente energ\u00e9ticamente que las generaciones anteriores. Tambi\u00e9n es compatible con la gama de colores P3, que permite colores m\u00e1s vibrantes, lo que garantiza im\u00e1genes realistas con detalles v\u00edvidos y realistas, que son esenciales para el dise\u00f1o gr\u00e1fico, la gradaci\u00f3n del color y la edici\u00f3n.<\/p>\n<p><strong>Force Touch Trackpad<\/strong><\/p>\n<p>El trackpad Force Touch del MacBook Pro de 15,4&#8243; es un 50 % m\u00e1s grande que el de la generaci\u00f3n anterior. El trackpad Force Touch aprovecha todas las funciones multit\u00e1ctiles y a\u00f1ade sensores de fuerza que detectan diferencias sutiles en la cantidad de presi\u00f3n que aplicas hacia abajo. Esto te permite tiene una conexi\u00f3n m\u00e1s profunda con su contenido, brindando m\u00e1s funcionalidad al alcance de su mano. Tambi\u00e9n introduce retroalimentaci\u00f3n h\u00e1ptica en MacBook Pro, lo que le permite no solo ver lo que sucede en la pantalla, sino tambi\u00e9n sentirlo. Con multi-touch, puede use gestos realistas como deslizar o pellizcar para cambiar entre aplicaciones, navegar por su contenido y aprovechar al m\u00e1ximo el espacio de su escritorio.<\/p>\n<p><strong>M\u00e1s delgado y m\u00e1s ligero<\/strong><\/p>\n<p>El MacBook Pro de 15,4&#8243; presenta un dise\u00f1o de carcasa redise\u00f1ado y una construcci\u00f3n de una sola pieza totalmente met\u00e1lica que crea un port\u00e1til r\u00edgido y denso que tambi\u00e9n es delgado y liviano. Con solo 15,5 mm de grosor, el MacBook Pro de 15,4&#8243; es un 14 por ciento m\u00e1s delgado y tiene un 20 por ciento menos volumen que la generaci\u00f3n anterior. Tambi\u00e9n es casi media libra m\u00e1s ligero con solo cuatro libras.<\/p>\n<p><strong>Audio<\/strong><\/p>\n<p>Los altavoces se han redise\u00f1ado por completo para proporcionar hasta el doble de rango din\u00e1mico y hasta un 58 % m\u00e1s de volumen, con unos graves dos veces y media m\u00e1s potentes para un boom m\u00e1ximo. Adem\u00e1s, est\u00e1n conectados directamente a la alimentaci\u00f3n del sistema, lo que permite hasta tres veces m\u00e1s potencia m\u00e1xima.<\/p>\n<p><strong>mac OS Sierra<\/strong><\/p>\n<p>El MacBook Pro de 15,4&#8243; ejecuta macOS Sierra, que cuenta con integraci\u00f3n de Siri, portapapeles universal, Apple Pay en la web y recuerdos en Fotos.<\/p>\n<p><strong>Thunderbolt 3<\/strong><\/p>\n<p>Thunderbolt 3 es una interfaz de hardware que utiliza el conector USB tipo C reversible. Al duplicar la velocidad de su predecesor, Thunderbolt 3 presenta un rendimiento m\u00e1ximo de 40 Gb\/s cuando se usa con dispositivos compatibles. El conector tambi\u00e9n transmite datos a trav\u00e9s de USB 3.1 a hasta 10 Gb\/s, y DisplayPort 1.2 de doble ancho de banda le permite conectar hasta dos pantallas 4K simult\u00e1neamente o una pantalla 5K de varios paneles. El Macbook Pro tiene cuatro puertos, y cada par usa un bus dedicado.<\/p>\n","protected":false},"excerpt":{"rendered":"<p><strong><img loading=\"lazy\" decoding=\"async\" class=\"alignnone size-full wp-image-954\" src=\"https:\/\/almarental.media\/renta-equipo-cine-television-comerciales\/wp-content\/uploads\/2022\/06\/apple.png\" alt=\"Renta computadoras apple\" width=\"150\" height=\"51\" \/><\/strong><\/p>\n<p><strong>Main Specs:<\/strong><\/p>\n<ul class=\"list_OMS5rN7R1Z\">\n<li class=\"listItem_OMS5rN7R1Z\" data-selenium=\"sellingPointsListItem\">2.6 GHz Intel Core i7 Quad-Core<\/li>\n<li class=\"listItem_OMS5rN7R1Z\" data-selenium=\"sellingPointsListItem\">16GB of 2133 MHz RAM | 1TB PCIe SSD<\/li>\n<li class=\"listItem_OMS5rN7R1Z\" data-selenium=\"sellingPointsListItem\">15.4&#8243; 2880 x 1800 Retina Display<\/li>\n<li class=\"listItem_OMS5rN7R1Z\" data-selenium=\"sellingPointsListItem\">AMD Radeon Pro 460 GPU (4GB GDDR5)<\/li>\n<li class=\"listItem_OMS5rN7R1Z\" data-selenium=\"sellingPointsListItem\">802.11ac Wi-Fi | Bluetooth 4.2<\/li>\n<li class=\"listItem_OMS5rN7R1Z\" data-selenium=\"sellingPointsListItem\">Touch Bar | Touch ID Sensor<\/li>\n<li class=\"listItem_OMS5rN7R1Z\" data-selenium=\"sellingPointsListItem\">4 x Thunderbolt 3 (USB Type-C) Ports<\/li>\n<li class=\"listItem_OMS5rN7R1Z\" data-selenium=\"sellingPointsListItem\">3.5mm Headphone Jack | Stereo Speakers<\/li>\n<li class=\"listItem_OMS5rN7R1Z\" data-selenium=\"sellingPointsListItem\">Larger Force Touch Trackpad<\/li>\n<li class=\"listItem_OMS5rN7R1Z\" data-selenium=\"sellingPointsListItem\">macOS Sierra<\/li>\n<\/ul>\n","protected":false},"featured_media":961,"comment_status":"open","ping_status":"closed","template":"","meta":[],"product_cat":[28],"product_tag":[],"class_list":["post-957","product","type-product","status-publish","has-post-thumbnail","hentry","product_cat-computadoras","description-off"],"yoast_head":"<!-- This site is optimized with the Yoast SEO plugin v19.1 - https:\/\/yoast.com\/wordpress\/plugins\/seo\/ -->\n<title>Apple 15.4&quot; MacBook Pro with Touch Bar - Renta de equipo para cine, televisi\u00f3n y comerciales<\/title>\n<meta name=\"robots\" content=\"index, follow, max-snippet:-1, max-image-preview:large, max-video-preview:-1\" \/>\n<link rel=\"canonical\" href=\"https:\/\/almarental.media\/renta-equipo-cine-television-comerciales\/cotiza\/computadoras\/apple-15-4-macbook-pro-with-touch-bar\/\" \/>\n<meta property=\"og:locale\" content=\"es_ES\" \/>\n<meta property=\"og:type\" content=\"article\" \/>\n<meta property=\"og:title\" content=\"Apple 15.4&quot; MacBook Pro with Touch Bar - Renta de equipo para cine, televisi\u00f3n y comerciales\" \/>\n<meta property=\"og:description\" content=\"Main Specs:   2.6 GHz Intel Core i7 Quad-Core  16GB of 2133 MHz RAM | 1TB PCIe SSD  15.4&quot; 2880 x 1800 Retina Display  AMD Radeon Pro 460 GPU (4GB GDDR5)  802.11ac Wi-Fi | Bluetooth 4.2  Touch Bar | Touch ID Sensor  4 x Thunderbolt 3 (USB Type-C) Ports  3.5mm Headphone Jack | Stereo Speakers  Larger Force Touch Trackpad  macOS Sierra\" \/>\n<meta property=\"og:url\" content=\"https:\/\/almarental.media\/renta-equipo-cine-television-comerciales\/cotiza\/computadoras\/apple-15-4-macbook-pro-with-touch-bar\/\" \/>\n<meta property=\"og:site_name\" content=\"Renta de equipo para cine, televisi\u00f3n y comerciales\" \/>\n<meta property=\"og:image\" content=\"https:\/\/almarental.media\/renta-equipo-cine-television-comerciales\/wp-content\/uploads\/2022\/06\/Renta-de-computadoras-Apple-15-MacBook-Pro-with-Touch-Bar.png\" \/>\n\t<meta property=\"og:image:width\" content=\"1000\" \/>\n\t<meta property=\"og:image:height\" content=\"1000\" \/>\n\t<meta property=\"og:image:type\" content=\"image\/png\" \/>\n<meta name=\"twitter:card\" content=\"summary_large_image\" \/>\n<meta name=\"twitter:label1\" content=\"Tiempo de lectura\" \/>\n\t<meta name=\"twitter:data1\" content=\"5 minutos\" \/>\n<script type=\"application\/ld+json\" class=\"yoast-schema-graph\">{\"@context\":\"https:\/\/schema.org\",\"@graph\":[{\"@type\":\"WebSite\",\"@id\":\"https:\/\/almarental.media\/renta-equipo-cine-television-comerciales\/#website\",\"url\":\"https:\/\/almarental.media\/renta-equipo-cine-television-comerciales\/\",\"name\":\"Renta de equipo para cine, televisi\u00f3n y comerciales\",\"description\":\"Casa de renta de equipo profesional para proyectos audiovisuales, DIT (digital image technician), Data y video en M\u00e9xico.\",\"potentialAction\":[{\"@type\":\"SearchAction\",\"target\":{\"@type\":\"EntryPoint\",\"urlTemplate\":\"https:\/\/almarental.media\/renta-equipo-cine-television-comerciales\/?s={search_term_string}\"},\"query-input\":\"required name=search_term_string\"}],\"inLanguage\":\"es\"},{\"@type\":\"ImageObject\",\"inLanguage\":\"es\",\"@id\":\"https:\/\/almarental.media\/renta-equipo-cine-television-comerciales\/cotiza\/computadoras\/apple-15-4-macbook-pro-with-touch-bar\/#primaryimage\",\"url\":\"https:\/\/almarental.media\/renta-equipo-cine-television-comerciales\/wp-content\/uploads\/2022\/06\/Renta-de-computadoras-Apple-15-MacBook-Pro-with-Touch-Bar.png\",\"contentUrl\":\"https:\/\/almarental.media\/renta-equipo-cine-television-comerciales\/wp-content\/uploads\/2022\/06\/Renta-de-computadoras-Apple-15-MacBook-Pro-with-Touch-Bar.png\",\"width\":1000,\"height\":1000},{\"@type\":\"WebPage\",\"@id\":\"https:\/\/almarental.media\/renta-equipo-cine-television-comerciales\/cotiza\/computadoras\/apple-15-4-macbook-pro-with-touch-bar\/#webpage\",\"url\":\"https:\/\/almarental.media\/renta-equipo-cine-television-comerciales\/cotiza\/computadoras\/apple-15-4-macbook-pro-with-touch-bar\/\",\"name\":\"Apple 15.4\\\" MacBook Pro with Touch Bar - Renta de equipo para cine, televisi\u00f3n y comerciales\",\"isPartOf\":{\"@id\":\"https:\/\/almarental.media\/renta-equipo-cine-television-comerciales\/#website\"},\"primaryImageOfPage\":{\"@id\":\"https:\/\/almarental.media\/renta-equipo-cine-television-comerciales\/cotiza\/computadoras\/apple-15-4-macbook-pro-with-touch-bar\/#primaryimage\"},\"datePublished\":\"2022-06-14T15:29:07+00:00\",\"dateModified\":\"2022-06-14T15:29:07+00:00\",\"breadcrumb\":{\"@id\":\"https:\/\/almarental.media\/renta-equipo-cine-television-comerciales\/cotiza\/computadoras\/apple-15-4-macbook-pro-with-touch-bar\/#breadcrumb\"},\"inLanguage\":\"es\",\"potentialAction\":[{\"@type\":\"ReadAction\",\"target\":[\"https:\/\/almarental.media\/renta-equipo-cine-television-comerciales\/cotiza\/computadoras\/apple-15-4-macbook-pro-with-touch-bar\/\"]}]},{\"@type\":\"BreadcrumbList\",\"@id\":\"https:\/\/almarental.media\/renta-equipo-cine-television-comerciales\/cotiza\/computadoras\/apple-15-4-macbook-pro-with-touch-bar\/#breadcrumb\",\"itemListElement\":[{\"@type\":\"ListItem\",\"position\":1,\"name\":\"Portada\",\"item\":\"https:\/\/almarental.media\/renta-equipo-cine-television-comerciales\/\"},{\"@type\":\"ListItem\",\"position\":2,\"name\":\"Productos\",\"item\":\"https:\/\/almarental.media\/renta-equipo-cine-television-comerciales\/cotiza\/\"},{\"@type\":\"ListItem\",\"position\":3,\"name\":\"Apple 15.4&#8243; MacBook Pro with Touch Bar\"}]}]}<\/script>\n<!-- \/ Yoast SEO plugin. -->","yoast_head_json":{"title":"Apple 15.4\" MacBook Pro with Touch Bar - Renta de equipo para cine, televisi\u00f3n y comerciales","robots":{"index":"index","follow":"follow","max-snippet":"max-snippet:-1","max-image-preview":"max-image-preview:large","max-video-preview":"max-video-preview:-1"},"canonical":"https:\/\/almarental.media\/renta-equipo-cine-television-comerciales\/cotiza\/computadoras\/apple-15-4-macbook-pro-with-touch-bar\/","og_locale":"es_ES","og_type":"article","og_title":"Apple 15.4\" MacBook Pro with Touch Bar - Renta de equipo para cine, televisi\u00f3n y comerciales","og_description":"Main Specs:   2.6 GHz Intel Core i7 Quad-Core  16GB of 2133 MHz RAM | 1TB PCIe SSD  15.4\" 2880 x 1800 Retina Display  AMD Radeon Pro 460 GPU (4GB GDDR5)  802.11ac Wi-Fi | Bluetooth 4.2  Touch Bar | Touch ID Sensor  4 x Thunderbolt 3 (USB Type-C) Ports  3.5mm Headphone Jack | Stereo Speakers  Larger Force Touch Trackpad  macOS Sierra","og_url":"https:\/\/almarental.media\/renta-equipo-cine-television-comerciales\/cotiza\/computadoras\/apple-15-4-macbook-pro-with-touch-bar\/","og_site_name":"Renta de equipo para cine, televisi\u00f3n y comerciales","og_image":[{"width":1000,"height":1000,"url":"https:\/\/almarental.media\/renta-equipo-cine-television-comerciales\/wp-content\/uploads\/2022\/06\/Renta-de-computadoras-Apple-15-MacBook-Pro-with-Touch-Bar.png","type":"image\/png"}],"twitter_card":"summary_large_image","twitter_misc":{"Tiempo de lectura":"5 minutos"},"schema":{"@context":"https:\/\/schema.org","@graph":[{"@type":"WebSite","@id":"https:\/\/almarental.media\/renta-equipo-cine-television-comerciales\/#website","url":"https:\/\/almarental.media\/renta-equipo-cine-television-comerciales\/","name":"Renta de equipo para cine, televisi\u00f3n y comerciales","description":"Casa de renta de equipo profesional para proyectos audiovisuales, DIT (digital image technician), Data y video en M\u00e9xico.","potentialAction":[{"@type":"SearchAction","target":{"@type":"EntryPoint","urlTemplate":"https:\/\/almarental.media\/renta-equipo-cine-television-comerciales\/?s={search_term_string}"},"query-input":"required name=search_term_string"}],"inLanguage":"es"},{"@type":"ImageObject","inLanguage":"es","@id":"https:\/\/almarental.media\/renta-equipo-cine-television-comerciales\/cotiza\/computadoras\/apple-15-4-macbook-pro-with-touch-bar\/#primaryimage","url":"https:\/\/almarental.media\/renta-equipo-cine-television-comerciales\/wp-content\/uploads\/2022\/06\/Renta-de-computadoras-Apple-15-MacBook-Pro-with-Touch-Bar.png","contentUrl":"https:\/\/almarental.media\/renta-equipo-cine-television-comerciales\/wp-content\/uploads\/2022\/06\/Renta-de-computadoras-Apple-15-MacBook-Pro-with-Touch-Bar.png","width":1000,"height":1000},{"@type":"WebPage","@id":"https:\/\/almarental.media\/renta-equipo-cine-television-comerciales\/cotiza\/computadoras\/apple-15-4-macbook-pro-with-touch-bar\/#webpage","url":"https:\/\/almarental.media\/renta-equipo-cine-television-comerciales\/cotiza\/computadoras\/apple-15-4-macbook-pro-with-touch-bar\/","name":"Apple 15.4\" MacBook Pro with Touch Bar - Renta de equipo para cine, televisi\u00f3n y comerciales","isPartOf":{"@id":"https:\/\/almarental.media\/renta-equipo-cine-television-comerciales\/#website"},"primaryImageOfPage":{"@id":"https:\/\/almarental.media\/renta-equipo-cine-television-comerciales\/cotiza\/computadoras\/apple-15-4-macbook-pro-with-touch-bar\/#primaryimage"},"datePublished":"2022-06-14T15:29:07+00:00","dateModified":"2022-06-14T15:29:07+00:00","breadcrumb":{"@id":"https:\/\/almarental.media\/renta-equipo-cine-television-comerciales\/cotiza\/computadoras\/apple-15-4-macbook-pro-with-touch-bar\/#breadcrumb"},"inLanguage":"es","potentialAction":[{"@type":"ReadAction","target":["https:\/\/almarental.media\/renta-equipo-cine-television-comerciales\/cotiza\/computadoras\/apple-15-4-macbook-pro-with-touch-bar\/"]}]},{"@type":"BreadcrumbList","@id":"https:\/\/almarental.media\/renta-equipo-cine-television-comerciales\/cotiza\/computadoras\/apple-15-4-macbook-pro-with-touch-bar\/#breadcrumb","itemListElement":[{"@type":"ListItem","position":1,"name":"Portada","item":"https:\/\/almarental.media\/renta-equipo-cine-television-comerciales\/"},{"@type":"ListItem","position":2,"name":"Productos","item":"https:\/\/almarental.media\/renta-equipo-cine-television-comerciales\/cotiza\/"},{"@type":"ListItem","position":3,"name":"Apple 15.4&#8243; MacBook Pro with Touch Bar"}]}]}},"_links":{"self":[{"href":"https:\/\/almarental.media\/renta-equipo-cine-television-comerciales\/wp-json\/wp\/v2\/product\/957","targetHints":{"allow":["GET"]}}],"collection":[{"href":"https:\/\/almarental.media\/renta-equipo-cine-television-comerciales\/wp-json\/wp\/v2\/product"}],"about":[{"href":"https:\/\/almarental.media\/renta-equipo-cine-television-comerciales\/wp-json\/wp\/v2\/types\/product"}],"replies":[{"embeddable":true,"href":"https:\/\/almarental.media\/renta-equipo-cine-television-comerciales\/wp-json\/wp\/v2\/comments?post=957"}],"wp:featuredmedia":[{"embeddable":true,"href":"https:\/\/almarental.media\/renta-equipo-cine-television-comerciales\/wp-json\/wp\/v2\/media\/961"}],"wp:attachment":[{"href":"https:\/\/almarental.media\/renta-equipo-cine-television-comerciales\/wp-json\/wp\/v2\/media?parent=957"}],"wp:term":[{"taxonomy":"product_cat","embeddable":true,"href":"https:\/\/almarental.media\/renta-equipo-cine-television-comerciales\/wp-json\/wp\/v2\/product_cat?post=957"},{"taxonomy":"product_tag","embeddable":true,"href":"https:\/\/almarental.media\/renta-equipo-cine-television-comerciales\/wp-json\/wp\/v2\/product_tag?post=957"}],"curies":[{"name":"wp","href":"https:\/\/api.w.org\/{rel}","templated":true}]}}