{"id":836,"date":"2022-06-07T08:03:04","date_gmt":"2022-06-07T08:03:04","guid":{"rendered":"https:\/\/almarental.media\/renta-equipo-cine-television-comerciales\/?post_type=product&#038;p=836"},"modified":"2022-06-13T09:34:08","modified_gmt":"2022-06-13T09:34:08","slug":"alma-van","status":"publish","type":"product","link":"https:\/\/almarental.media\/renta-equipo-cine-television-comerciales\/cotiza\/configuraciones\/alma-van\/","title":{"rendered":"ALMA VAN"},"content":{"rendered":"<p>[vc_row content_placement=\u00bbbottom\u00bb bg_type=\u00bbu_iframe\u00bb u_video_url=\u00bbhttps:\/\/www.youtube.com\/watch?v=Xbuq_uhwFiM\u00bb video_opts=\u00bbloop,muted\u00bb u_start_time=\u00bb3&#8243; bg_override=\u00bbbrowser_size\u00bb enable_overlay=\u00bbenable_overlay_value\u00bb overlay_color=\u00bbrgba(0,0,0,0.31)\u00bb overlay_pattern=\u00bb09.png\u00bb][vc_column width=\u00bb1\/2&#8243;][vc_column_text]<\/p>\n<h1>ALMA VAN<\/h1>\n<p style=\"text-align: justify;\"><span style=\"font-size: 14pt;\">Dise\u00f1amos un espacio ideal para tus producciones, donde no es necesario perder tiempo en instalaciones en set ya que todo viene integrado de manera compacta sin depreciar el confort.\u00a0<\/span><\/p>\n<p>[\/vc_column_text][vc_row_inner][vc_column_inner width=\u00bb1\/2&#8243; css=\u00bb.vc_custom_1654590295777{margin-right: 0px !important;margin-left: 0px !important;padding-right: 0px !important;padding-left: 0px !important;}\u00bb][vc_raw_html el_class=\u00bbcotizabtnV1&#8243;]JTNDYSUyMGhyZWYlM0QlMjJqYXZhc2NyaXB0JTNBdm9pZCUyODAlMjklMjIlMjByZWwlM0QlMjJub2ZvbGxvdyUyMiUyMGRhdGEtcHJvZHVjdF9pZCUzRCUyMjgzNiUyMiUyMGRhdGEtcHJvZHVjdF9za3UlM0QlMjIlMjIlMjBjbGFzcyUzRCUyMmFmcmZxYnRfc2luZ2xlX3BhZ2UlMjBidXR0b24lMjBzaW5nbGVfYWRkX3RvX2NhcnRfYnV0dG9uJTIwYWx0JTIwcHJvZHVjdF90eXBlX3NpbXBsZSUyMiUzRUNPVElaQVIlM0MlMkZhJTNF[\/vc_raw_html][\/vc_column_inner][vc_column_inner width=\u00bb1\/2&#8243; css=\u00bb.vc_custom_1654590287401{margin-right: 0px !important;margin-left: 0px !important;padding-right: 0px !important;padding-left: 0px !important;}\u00bb]<style type=\"text\/css\" data-type=\"the7_shortcodes-inline-css\">#default-btn-d04cac4a1c570c40f013f3c1967cc2f0.ico-right-side > i {\n  margin-right: 0px;\n  margin-left: 8px;\n}\n#default-btn-d04cac4a1c570c40f013f3c1967cc2f0 > i {\n  margin-right: 8px;\n}\n<\/style><a href=\"#\" class=\"default-btn-shortcode dt-btn dt-btn-l link-hover-off btnVV1 btn-inline-left \" id=\"default-btn-d04cac4a1c570c40f013f3c1967cc2f0\"><span>MAIN SPECS<\/span><\/a>[\/vc_column_inner][\/vc_row_inner][vc_empty_space][\/vc_column][vc_column width=\u00bb1\/2&#8243;][\/vc_column][\/vc_row][vc_row][vc_column][vc_empty_space][\/vc_column][\/vc_row][vc_row content_placement=\u00bbmiddle\u00bb][vc_column width=\u00bb1\/2&#8243;][vc_column_text]<\/p>\n<h1>MAIN SPECS<\/h1>\n<p>[\/vc_column_text]<div class=\"standard-arrow bullet-top\"><ul>\n<li><span style=\"font-size: 12pt;\">Sistema el\u00e9ctrico de alimentaci\u00f3n aut\u00f3nomo<\/span><\/li>\n<li><span style=\"font-size: 12pt;\">Aire acondicionado<\/span><\/li>\n<li><span style=\"font-size: 12pt;\">Carpa lateral de producci\u00f3n embebida<\/span><\/li>\n<li><span style=\"font-size: 12pt;\">Refrigerador<\/span><\/li>\n<li><span style=\"font-size: 12pt;\">Horno microonda<\/span><\/li>\n<li><span style=\"font-size: 12pt;\">Sistema de monitoreo multiviewer para 4 c\u00e1maras<\/span><\/li>\n<li><span style=\"font-size: 12pt;\">Pantalla de 48&#8243; procesador C1<\/span><\/li>\n<li><span style=\"font-size: 12pt;\">Laboratorio digital<\/span><\/li>\n<li><span style=\"font-size: 12pt;\">Descarga de material<\/span><\/li>\n<li><span style=\"font-size: 12pt;\">Storage escalable<\/span><\/li>\n<li><span style=\"font-size: 12pt;\">Red inal\u00e1mbrica para monitoreo desde set<\/span><\/li>\n<li><span style=\"font-size: 12pt;\">Bodegaje de equipo para DIT y video<\/span><\/li>\n<li><span style=\"font-size: 12pt;\">FOLLOW VAN (6 puestos)<\/span><\/li>\n<li><span style=\"font-size: 12pt;\">Parrilla superior de grip para luces (en follow van), luces de trabajo exterior.<\/span><\/li>\n<\/ul>\n<\/div>[vc_row_inner][vc_column_inner width=\u00bb1\/2&#8243;][vc_raw_html el_class=\u00bbcotizabtnV1&#8243;]JTNDYSUyMGhyZWYlM0QlMjJqYXZhc2NyaXB0JTNBdm9pZCUyODAlMjklMjIlMjByZWwlM0QlMjJub2ZvbGxvdyUyMiUyMGRhdGEtcHJvZHVjdF9pZCUzRCUyMjgzNiUyMiUyMGRhdGEtcHJvZHVjdF9za3UlM0QlMjIlMjIlMjBjbGFzcyUzRCUyMmFmcmZxYnRfc2luZ2xlX3BhZ2UlMjBidXR0b24lMjBzaW5nbGVfYWRkX3RvX2NhcnRfYnV0dG9uJTIwYWx0JTIwcHJvZHVjdF90eXBlX3NpbXBsZSUyMiUzRUNPVElaQVIlM0MlMkZhJTNF[\/vc_raw_html][\/vc_column_inner][vc_column_inner width=\u00bb1\/2&#8243;][\/vc_column_inner][\/vc_row_inner][\/vc_column][vc_column width=\u00bb1\/2&#8243;][vc_single_image image=\u00bb838&#8243; img_size=\u00bbfull\u00bb alignment=\u00bbcenter\u00bb][\/vc_column][\/vc_row][vc_row][vc_column][vc_empty_space][\/vc_column][\/vc_row][vc_row full_width=\u00bbstretch_row_content_no_spaces\u00bb][vc_column]<style type=\"text\/css\" data-type=\"the7_shortcodes-inline-css\">.carousel-shortcode.carousel-shortcode-id-ab790424e9a6098526d4d3337cfc9e67 .owl-nav a {\n  width: 36px;\n  height: 36px;\n  border-radius: 500px;\n}\n.dt-arrow-border-on.carousel-shortcode.carousel-shortcode-id-ab790424e9a6098526d4d3337cfc9e67 .owl-nav a:not(:hover):before {\n  border-width: 0px;\n}\n.dt-arrow-hover-border-on.carousel-shortcode.carousel-shortcode-id-ab790424e9a6098526d4d3337cfc9e67 .owl-nav a:hover:after {\n  border-width: 0px;\n}\n.carousel-shortcode.carousel-shortcode-id-ab790424e9a6098526d4d3337cfc9e67 .owl-nav a.owl-prev {\n  top: 50%;\n  transform: translateY(calc(-50% + 0px));\n  left: -43px;\n}\n@media all and (-ms-high-contrast: none) {\n  .carousel-shortcode.carousel-shortcode-id-ab790424e9a6098526d4d3337cfc9e67 .owl-nav a.owl-prev {\n    transform: translateY(-50%);\n    margin-top: 0px;\n  }\n}\n.carousel-shortcode.carousel-shortcode-id-ab790424e9a6098526d4d3337cfc9e67 .owl-nav a.owl-prev i {\n  padding: 0px 0px 0px 0px;\n}\n.carousel-shortcode.carousel-shortcode-id-ab790424e9a6098526d4d3337cfc9e67 .owl-nav a.owl-next {\n  top: 50%;\n  transform: translateY(calc(-50% + 0px));\n  right: -43px;\n}\n@media all and (-ms-high-contrast: none) {\n  .carousel-shortcode.carousel-shortcode-id-ab790424e9a6098526d4d3337cfc9e67 .owl-nav a.owl-next {\n    transform: translateY(-50%);\n    margin-top: 0px;\n  }\n}\n.carousel-shortcode.carousel-shortcode-id-ab790424e9a6098526d4d3337cfc9e67 .owl-nav a.owl-next i {\n  padding: 0px 0px 0px 0px;\n}\n.carousel-shortcode.carousel-shortcode-id-ab790424e9a6098526d4d3337cfc9e67 .owl-nav i {\n  font-size: 18px;\n}\n.carousel-shortcode.carousel-shortcode-id-ab790424e9a6098526d4d3337cfc9e67 .owl-nav a:not(:hover) i,\n.carousel-shortcode.carousel-shortcode-id-ab790424e9a6098526d4d3337cfc9e67 .owl-nav a:not(:hover) i:before {\n  color: #ffffff;\n  background: none;\n}\n.carousel-shortcode.carousel-shortcode-id-ab790424e9a6098526d4d3337cfc9e67 .owl-nav a:hover i,\n.carousel-shortcode.carousel-shortcode-id-ab790424e9a6098526d4d3337cfc9e67 .owl-nav a:hover i:before {\n  color: rgba(255,255,255,0.75);\n  background: none;\n}\n.carousel-shortcode.carousel-shortcode-id-ab790424e9a6098526d4d3337cfc9e67 .owl-dots {\n  top: calc(100% + 20px);\n  left: 50%;\n  transform: translateX(calc(-50% + 0px));\n}\n@media all and (-ms-high-contrast: none) {\n  .carousel-shortcode.carousel-shortcode-id-ab790424e9a6098526d4d3337cfc9e67 .owl-dots {\n    transform: translateX(-50%);\n    margin-left: 0px;\n  }\n}\n.carousel-shortcode.carousel-shortcode-id-ab790424e9a6098526d4d3337cfc9e67 .owl-dot {\n  width: 10px;\n  height: 10px;\n  margin: 0 8px;\n}\n@media screen and (max-width: 778px) {\n  .carousel-shortcode.carousel-shortcode-id-ab790424e9a6098526d4d3337cfc9e67.hide-arrows .owl-nav a {\n    display: none;\n  }\n}\n@media screen and (max-width: 778px) {\n  .carousel-shortcode.carousel-shortcode-id-ab790424e9a6098526d4d3337cfc9e67.reposition-arrows .owl-nav .owl-prev {\n    top: 50%;\n    transform: translateY(calc(-50% + 0px));\n    left: 10px;\n  }\n  .carousel-shortcode.carousel-shortcode-id-ab790424e9a6098526d4d3337cfc9e67.reposition-arrows .owl-nav .owl-next {\n    top: 50%;\n    transform: translateY(calc(-50% + 0px));\n    right: 10px;\n  }\n}\n@media screen and (max-width: 778px) and all and (-ms-high-contrast: none) {\n  .carousel-shortcode.carousel-shortcode-id-ab790424e9a6098526d4d3337cfc9e67.reposition-arrows .owl-nav .owl-prev {\n    transform: translateY(-50%);\n    margin-top: 0px;\n  }\n}\n@media screen and (max-width: 778px) and all and (-ms-high-contrast: none) {\n  .carousel-shortcode.carousel-shortcode-id-ab790424e9a6098526d4d3337cfc9e67.reposition-arrows .owl-nav .owl-next {\n    transform: translateY(-50%);\n    margin-top: 0px;\n  }\n}\n<\/style><div class=\"owl-carousel carousel-shortcode dt-owl-carousel-call carousel-shortcode-id-ab790424e9a6098526d4d3337cfc9e67 bullets-small-dot-stroke reposition-arrows arrows-bg-on dt-arrow-border-on dt-arrow-hover-border-on disable-arrows-hover-bg arrows-hover-bg-on  \" data-scroll-mode=\"1\" data-col-num=\"4\" data-wide-col-num=\"4\" data-laptop-col=\"4\" data-h-tablet-columns-num=\"3\" data-v-tablet-columns-num=\"2\" data-phone-columns-num=\"2\" data-auto-height=\"true\" data-col-gap=\"0\" data-stage-padding=\"0\" data-speed=\"600\" data-autoplay=\"true\" data-autoplay_speed=\"6000\" data-arrows=\"false\" data-bullet=\"false\" data-next-icon=\"icon-ar-017-r\" data-prev-icon=\"icon-ar-017-l\">[vc_single_image image=\u00bb851&#8243; img_size=\u00bbfull\u00bb alignment=\u00bbcenter\u00bb][vc_single_image image=\u00bb850&#8243; img_size=\u00bbfull\u00bb alignment=\u00bbcenter\u00bb][vc_single_image image=\u00bb849&#8243; img_size=\u00bbfull\u00bb alignment=\u00bbcenter\u00bb][vc_single_image image=\u00bb848&#8243; img_size=\u00bbfull\u00bb alignment=\u00bbcenter\u00bb][vc_single_image image=\u00bb847&#8243; img_size=\u00bbfull\u00bb alignment=\u00bbcenter\u00bb][vc_single_image image=\u00bb843&#8243; img_size=\u00bbfull\u00bb alignment=\u00bbcenter\u00bb][vc_single_image image=\u00bb842&#8243; img_size=\u00bbfull\u00bb alignment=\u00bbcenter\u00bb][vc_single_image image=\u00bb840&#8243; img_size=\u00bbfull\u00bb alignment=\u00bbcenter\u00bb]<\/div>[\/vc_column][\/vc_row]<\/p>\n","protected":false},"excerpt":{"rendered":"<p>[vc_row content_placement=\u00bbbottom\u00bb bg_type=\u00bbu_iframe\u00bb u_video_url=\u00bbhttps:\/\/www.youtube.com\/watch?v=Xbuq_uhwFiM\u00bb video_opts=\u00bbloop,muted\u00bb u_start_time=\u00bb3&#8243; bg_override=\u00bbbrowser_size\u00bb enable_overlay=\u00bbenable_overlay_value\u00bb overlay_color=\u00bbrgba(0,0,0,0.31)\u00bb overlay_pattern=\u00bb09.png\u00bb][vc_column width=\u00bb1\/2&#8243;][vc_column_text] ALMA VAN Dise\u00f1amos un espacio ideal para tus producciones, donde no es necesario perder tiempo en instalaciones en set ya que todo viene integrado de manera compacta sin depreciar el confort.\u00a0 [\/vc_column_text][vc_row_inner][vc_column_inner width=\u00bb1\/2&#8243; css=\u00bb.vc_custom_1654590295777{margin-right: 0px !important;margin-left: 0px !important;padding-right: 0px !important;padding-left: 0px !important;}\u00bb][vc_raw_html el_class=\u00bbcotizabtnV1&#8243;]JTNDYSUyMGhyZWYlM0QlMjJqYXZhc2NyaXB0JTNBdm9pZCUyODAlMjklMjIlMjByZWwlM0QlMjJub2ZvbGxvdyUyMiUyMGRhdGEtcHJvZHVjdF9pZCUzRCUyMjgzNiUyMiUyMGRhdGEtcHJvZHVjdF9za3UlM0QlMjIlMjIlMjBjbGFzcyUzRCUyMmFmcmZxYnRfc2luZ2xlX3BhZ2UlMjBidXR0b24lMjBzaW5nbGVfYWRkX3RvX2NhcnRfYnV0dG9uJTIwYWx0JTIwcHJvZHVjdF90eXBlX3NpbXBsZSUyMiUzRUNPVElaQVIlM0MlMkZhJTNF[\/vc_raw_html][\/vc_column_inner][vc_column_inner width=\u00bb1\/2&#8243;&hellip;<\/p>\n","protected":false},"featured_media":0,"comment_status":"open","ping_status":"closed","template":"","meta":[],"product_cat":[24],"product_tag":[],"class_list":["post-836","product","type-product","status-publish","hentry","product_cat-configuraciones","description-off"],"yoast_head":"<!-- This site is optimized with the Yoast SEO plugin v19.1 - https:\/\/yoast.com\/wordpress\/plugins\/seo\/ -->\n<title>ALMA VAN - Renta de equipo para cine, televisi\u00f3n y comerciales<\/title>\n<meta name=\"robots\" content=\"index, follow, max-snippet:-1, max-image-preview:large, max-video-preview:-1\" \/>\n<link rel=\"canonical\" href=\"https:\/\/almarental.media\/renta-equipo-cine-television-comerciales\/cotiza\/configuraciones\/alma-van\/\" \/>\n<meta property=\"og:locale\" content=\"es_ES\" \/>\n<meta property=\"og:type\" content=\"article\" \/>\n<meta property=\"og:title\" content=\"ALMA VAN - Renta de equipo para cine, televisi\u00f3n y comerciales\" \/>\n<meta property=\"og:description\" content=\"[vc_row content_placement=\u00bbbottom\u00bb bg_type=\u00bbu_iframe\u00bb u_video_url=\u00bbhttps:\/\/www.youtube.com\/watch?v=Xbuq_uhwFiM\u00bb video_opts=\u00bbloop,muted\u00bb u_start_time=\u00bb3&#8243; bg_override=\u00bbbrowser_size\u00bb enable_overlay=\u00bbenable_overlay_value\u00bb overlay_color=\u00bbrgba(0,0,0,0.31)\u00bb overlay_pattern=\u00bb09.png\u00bb][vc_column width=\u00bb1\/2&#8243;][vc_column_text] ALMA VAN Dise\u00f1amos un espacio ideal para tus producciones, donde no es necesario perder tiempo en instalaciones en set ya que todo viene integrado de manera compacta sin depreciar el confort.\u00a0 [\/vc_column_text][vc_row_inner][vc_column_inner width=\u00bb1\/2&#8243; css=\u00bb.vc_custom_1654590295777{margin-right: 0px !important;margin-left: 0px !important;padding-right: 0px !important;padding-left: 0px !important;}\u00bb][vc_raw_html el_class=\u00bbcotizabtnV1&#8243;]JTNDYSUyMGhyZWYlM0QlMjJqYXZhc2NyaXB0JTNBdm9pZCUyODAlMjklMjIlMjByZWwlM0QlMjJub2ZvbGxvdyUyMiUyMGRhdGEtcHJvZHVjdF9pZCUzRCUyMjgzNiUyMiUyMGRhdGEtcHJvZHVjdF9za3UlM0QlMjIlMjIlMjBjbGFzcyUzRCUyMmFmcmZxYnRfc2luZ2xlX3BhZ2UlMjBidXR0b24lMjBzaW5nbGVfYWRkX3RvX2NhcnRfYnV0dG9uJTIwYWx0JTIwcHJvZHVjdF90eXBlX3NpbXBsZSUyMiUzRUNPVElaQVIlM0MlMkZhJTNF[\/vc_raw_html][\/vc_column_inner][vc_column_inner width=\u00bb1\/2&#8243;&hellip;\" \/>\n<meta property=\"og:url\" content=\"https:\/\/almarental.media\/renta-equipo-cine-television-comerciales\/cotiza\/configuraciones\/alma-van\/\" \/>\n<meta property=\"og:site_name\" content=\"Renta de equipo para cine, televisi\u00f3n y comerciales\" \/>\n<meta property=\"article:modified_time\" content=\"2022-06-13T09:34:08+00:00\" \/>\n<meta name=\"twitter:card\" content=\"summary_large_image\" \/>\n<meta name=\"twitter:label1\" content=\"Tiempo de lectura\" \/>\n\t<meta name=\"twitter:data1\" content=\"2 minutos\" \/>\n<script type=\"application\/ld+json\" class=\"yoast-schema-graph\">{\"@context\":\"https:\/\/schema.org\",\"@graph\":[{\"@type\":\"WebSite\",\"@id\":\"https:\/\/almarental.media\/renta-equipo-cine-television-comerciales\/#website\",\"url\":\"https:\/\/almarental.media\/renta-equipo-cine-television-comerciales\/\",\"name\":\"Renta de equipo para cine, televisi\u00f3n y comerciales\",\"description\":\"Casa de renta de equipo profesional para proyectos audiovisuales, DIT (digital image technician), Data y video en M\u00e9xico.\",\"potentialAction\":[{\"@type\":\"SearchAction\",\"target\":{\"@type\":\"EntryPoint\",\"urlTemplate\":\"https:\/\/almarental.media\/renta-equipo-cine-television-comerciales\/?s={search_term_string}\"},\"query-input\":\"required name=search_term_string\"}],\"inLanguage\":\"es\"},{\"@type\":\"WebPage\",\"@id\":\"https:\/\/almarental.media\/renta-equipo-cine-television-comerciales\/cotiza\/configuraciones\/alma-van\/#webpage\",\"url\":\"https:\/\/almarental.media\/renta-equipo-cine-television-comerciales\/cotiza\/configuraciones\/alma-van\/\",\"name\":\"ALMA VAN - Renta de equipo para cine, televisi\u00f3n y comerciales\",\"isPartOf\":{\"@id\":\"https:\/\/almarental.media\/renta-equipo-cine-television-comerciales\/#website\"},\"datePublished\":\"2022-06-07T08:03:04+00:00\",\"dateModified\":\"2022-06-13T09:34:08+00:00\",\"breadcrumb\":{\"@id\":\"https:\/\/almarental.media\/renta-equipo-cine-television-comerciales\/cotiza\/configuraciones\/alma-van\/#breadcrumb\"},\"inLanguage\":\"es\",\"potentialAction\":[{\"@type\":\"ReadAction\",\"target\":[\"https:\/\/almarental.media\/renta-equipo-cine-television-comerciales\/cotiza\/configuraciones\/alma-van\/\"]}]},{\"@type\":\"BreadcrumbList\",\"@id\":\"https:\/\/almarental.media\/renta-equipo-cine-television-comerciales\/cotiza\/configuraciones\/alma-van\/#breadcrumb\",\"itemListElement\":[{\"@type\":\"ListItem\",\"position\":1,\"name\":\"Portada\",\"item\":\"https:\/\/almarental.media\/renta-equipo-cine-television-comerciales\/\"},{\"@type\":\"ListItem\",\"position\":2,\"name\":\"Productos\",\"item\":\"https:\/\/almarental.media\/renta-equipo-cine-television-comerciales\/cotiza\/\"},{\"@type\":\"ListItem\",\"position\":3,\"name\":\"ALMA VAN\"}]}]}<\/script>\n<!-- \/ Yoast SEO plugin. -->","yoast_head_json":{"title":"ALMA VAN - Renta de equipo para cine, televisi\u00f3n y comerciales","robots":{"index":"index","follow":"follow","max-snippet":"max-snippet:-1","max-image-preview":"max-image-preview:large","max-video-preview":"max-video-preview:-1"},"canonical":"https:\/\/almarental.media\/renta-equipo-cine-television-comerciales\/cotiza\/configuraciones\/alma-van\/","og_locale":"es_ES","og_type":"article","og_title":"ALMA VAN - Renta de equipo para cine, televisi\u00f3n y comerciales","og_description":"[vc_row content_placement=\u00bbbottom\u00bb bg_type=\u00bbu_iframe\u00bb u_video_url=\u00bbhttps:\/\/www.youtube.com\/watch?v=Xbuq_uhwFiM\u00bb video_opts=\u00bbloop,muted\u00bb u_start_time=\u00bb3&#8243; bg_override=\u00bbbrowser_size\u00bb enable_overlay=\u00bbenable_overlay_value\u00bb overlay_color=\u00bbrgba(0,0,0,0.31)\u00bb overlay_pattern=\u00bb09.png\u00bb][vc_column width=\u00bb1\/2&#8243;][vc_column_text] ALMA VAN Dise\u00f1amos un espacio ideal para tus producciones, donde no es necesario perder tiempo en instalaciones en set ya que todo viene integrado de manera compacta sin depreciar el confort.\u00a0 [\/vc_column_text][vc_row_inner][vc_column_inner width=\u00bb1\/2&#8243; css=\u00bb.vc_custom_1654590295777{margin-right: 0px !important;margin-left: 0px !important;padding-right: 0px !important;padding-left: 0px !important;}\u00bb][vc_raw_html el_class=\u00bbcotizabtnV1&#8243;]JTNDYSUyMGhyZWYlM0QlMjJqYXZhc2NyaXB0JTNBdm9pZCUyODAlMjklMjIlMjByZWwlM0QlMjJub2ZvbGxvdyUyMiUyMGRhdGEtcHJvZHVjdF9pZCUzRCUyMjgzNiUyMiUyMGRhdGEtcHJvZHVjdF9za3UlM0QlMjIlMjIlMjBjbGFzcyUzRCUyMmFmcmZxYnRfc2luZ2xlX3BhZ2UlMjBidXR0b24lMjBzaW5nbGVfYWRkX3RvX2NhcnRfYnV0dG9uJTIwYWx0JTIwcHJvZHVjdF90eXBlX3NpbXBsZSUyMiUzRUNPVElaQVIlM0MlMkZhJTNF[\/vc_raw_html][\/vc_column_inner][vc_column_inner width=\u00bb1\/2&#8243;&hellip;","og_url":"https:\/\/almarental.media\/renta-equipo-cine-television-comerciales\/cotiza\/configuraciones\/alma-van\/","og_site_name":"Renta de equipo para cine, televisi\u00f3n y comerciales","article_modified_time":"2022-06-13T09:34:08+00:00","twitter_card":"summary_large_image","twitter_misc":{"Tiempo de lectura":"2 minutos"},"schema":{"@context":"https:\/\/schema.org","@graph":[{"@type":"WebSite","@id":"https:\/\/almarental.media\/renta-equipo-cine-television-comerciales\/#website","url":"https:\/\/almarental.media\/renta-equipo-cine-television-comerciales\/","name":"Renta de equipo para cine, televisi\u00f3n y comerciales","description":"Casa de renta de equipo profesional para proyectos audiovisuales, DIT (digital image technician), Data y video en M\u00e9xico.","potentialAction":[{"@type":"SearchAction","target":{"@type":"EntryPoint","urlTemplate":"https:\/\/almarental.media\/renta-equipo-cine-television-comerciales\/?s={search_term_string}"},"query-input":"required name=search_term_string"}],"inLanguage":"es"},{"@type":"WebPage","@id":"https:\/\/almarental.media\/renta-equipo-cine-television-comerciales\/cotiza\/configuraciones\/alma-van\/#webpage","url":"https:\/\/almarental.media\/renta-equipo-cine-television-comerciales\/cotiza\/configuraciones\/alma-van\/","name":"ALMA VAN - Renta de equipo para cine, televisi\u00f3n y comerciales","isPartOf":{"@id":"https:\/\/almarental.media\/renta-equipo-cine-television-comerciales\/#website"},"datePublished":"2022-06-07T08:03:04+00:00","dateModified":"2022-06-13T09:34:08+00:00","breadcrumb":{"@id":"https:\/\/almarental.media\/renta-equipo-cine-television-comerciales\/cotiza\/configuraciones\/alma-van\/#breadcrumb"},"inLanguage":"es","potentialAction":[{"@type":"ReadAction","target":["https:\/\/almarental.media\/renta-equipo-cine-television-comerciales\/cotiza\/configuraciones\/alma-van\/"]}]},{"@type":"BreadcrumbList","@id":"https:\/\/almarental.media\/renta-equipo-cine-television-comerciales\/cotiza\/configuraciones\/alma-van\/#breadcrumb","itemListElement":[{"@type":"ListItem","position":1,"name":"Portada","item":"https:\/\/almarental.media\/renta-equipo-cine-television-comerciales\/"},{"@type":"ListItem","position":2,"name":"Productos","item":"https:\/\/almarental.media\/renta-equipo-cine-television-comerciales\/cotiza\/"},{"@type":"ListItem","position":3,"name":"ALMA VAN"}]}]}},"_links":{"self":[{"href":"https:\/\/almarental.media\/renta-equipo-cine-television-comerciales\/wp-json\/wp\/v2\/product\/836","targetHints":{"allow":["GET"]}}],"collection":[{"href":"https:\/\/almarental.media\/renta-equipo-cine-television-comerciales\/wp-json\/wp\/v2\/product"}],"about":[{"href":"https:\/\/almarental.media\/renta-equipo-cine-television-comerciales\/wp-json\/wp\/v2\/types\/product"}],"replies":[{"embeddable":true,"href":"https:\/\/almarental.media\/renta-equipo-cine-television-comerciales\/wp-json\/wp\/v2\/comments?post=836"}],"wp:attachment":[{"href":"https:\/\/almarental.media\/renta-equipo-cine-television-comerciales\/wp-json\/wp\/v2\/media?parent=836"}],"wp:term":[{"taxonomy":"product_cat","embeddable":true,"href":"https:\/\/almarental.media\/renta-equipo-cine-television-comerciales\/wp-json\/wp\/v2\/product_cat?post=836"},{"taxonomy":"product_tag","embeddable":true,"href":"https:\/\/almarental.media\/renta-equipo-cine-television-comerciales\/wp-json\/wp\/v2\/product_tag?post=836"}],"curies":[{"name":"wp","href":"https:\/\/api.w.org\/{rel}","templated":true}]}}